{"version":"1.0","provider_name":"Kuali","provider_url":"https:\/\/kuali.com.mx\/web","author_name":"Kuali Staff","author_url":"https:\/\/kuali.com.mx\/web\/author\/lagarto\/","title":"REFORZAR\u00c1N COMUNICACI\u00d3N CON MIGRANTES","type":"rich","width":600,"height":338,"html":"<blockquote class=\"wp-embedded-content\" data-secret=\"eW3DWZVZbs\"><a href=\"https:\/\/kuali.com.mx\/web\/2024\/11\/18\/reforzaran-comunicacion-con-migrantes\/\">REFORZAR\u00c1N COMUNICACI\u00d3N CON MIGRANTES<\/a><\/blockquote><iframe sandbox=\"allow-scripts\" security=\"restricted\" src=\"https:\/\/kuali.com.mx\/web\/2024\/11\/18\/reforzaran-comunicacion-con-migrantes\/embed\/#?secret=eW3DWZVZbs\" width=\"600\" height=\"338\" title=\"&#8220;REFORZAR\u00c1N COMUNICACI\u00d3N CON MIGRANTES&#8221; &#8212; Kuali\" data-secret=\"eW3DWZVZbs\" frameborder=\"0\" marginwidth=\"0\" marginheight=\"0\" scrolling=\"no\" class=\"wp-embedded-content\"><\/iframe><script type=\"text\/javascript\">\n\/* <![CDATA[ *\/\n\/*! This file is auto-generated *\/\n!function(d,l){\"use strict\";l.querySelector&&d.addEventListener&&\"undefined\"!=typeof URL&&(d.wp=d.wp||{},d.wp.receiveEmbedMessage||(d.wp.receiveEmbedMessage=function(e){var t=e.data;if((t||t.secret||t.message||t.value)&&!\/[^a-zA-Z0-9]\/.test(t.secret)){for(var s,r,n,a=l.querySelectorAll('iframe[data-secret=\"'+t.secret+'\"]'),o=l.querySelectorAll('blockquote[data-secret=\"'+t.secret+'\"]'),c=new RegExp(\"^https?:$\",\"i\"),i=0;i<o.length;i++)o[i].style.display=\"none\";for(i=0;i<a.length;i++)s=a[i],e.source===s.contentWindow&&(s.removeAttribute(\"style\"),\"height\"===t.message?(1e3<(r=parseInt(t.value,10))?r=1e3:~~r<200&&(r=200),s.height=r):\"link\"===t.message&&(r=new URL(s.getAttribute(\"src\")),n=new URL(t.value),c.test(n.protocol))&&n.host===r.host&&l.activeElement===s&&(d.top.location.href=t.value))}},d.addEventListener(\"message\",d.wp.receiveEmbedMessage,!1),l.addEventListener(\"DOMContentLoaded\",function(){for(var e,t,s=l.querySelectorAll(\"iframe.wp-embedded-content\"),r=0;r<s.length;r++)(t=(e=s[r]).getAttribute(\"data-secret\"))||(t=Math.random().toString(36).substring(2,12),e.src+=\"#?secret=\"+t,e.setAttribute(\"data-secret\",t)),e.contentWindow.postMessage({message:\"ready\",secret:t},\"*\")},!1)))}(window,document);\n\/\/# sourceURL=https:\/\/kuali.com.mx\/web\/wp-includes\/js\/wp-embed.min.js\n\/* ]]> *\/\n<\/script>\n","thumbnail_url":"https:\/\/kuali.com.mx\/web\/wp-content\/uploads\/2024\/11\/Reunion-migrantes-Purisima.gif","thumbnail_width":1700,"thumbnail_height":750,"description":"Kuali\/Pur\u00edsima del Rinc\u00f3n, Gto.- El presidente municipal de Pur\u00edsima del Rinc\u00f3n, Roberto Garc\u00eda Urbano, anunci\u00f3 que la administraci\u00f3n municipal reforzar\u00e1 la comunicaci\u00f3n con las comunidades de migrantes en el extranjero. \u201cEl gobierno de Pur\u00edsima del Rinc\u00f3n tiene claros los escenarios en la realidad de la migraci\u00f3n, que el municipio cuenta en el registro de remesas [&hellip;]"}