{"version":"1.0","provider_name":"Kuali","provider_url":"https:\/\/kuali.com.mx\/web","author_name":"Kuali Staff","author_url":"https:\/\/kuali.com.mx\/web\/author\/lagarto\/","title":"TOMAR\u00c1 MELANIE PROTESTA COMO PRIMERA ALCALDESA DE SILAO","type":"rich","width":600,"height":338,"html":"<blockquote class=\"wp-embedded-content\" data-secret=\"EvLfF5ha2L\"><a href=\"https:\/\/kuali.com.mx\/web\/2024\/10\/04\/tomara-melanie-protesta-como-primera-alcaldesa-de-silao\/\">TOMAR\u00c1 MELANIE PROTESTA COMO PRIMERA ALCALDESA DE SILAO<\/a><\/blockquote><iframe sandbox=\"allow-scripts\" security=\"restricted\" src=\"https:\/\/kuali.com.mx\/web\/2024\/10\/04\/tomara-melanie-protesta-como-primera-alcaldesa-de-silao\/embed\/#?secret=EvLfF5ha2L\" width=\"600\" height=\"338\" title=\"&#8220;TOMAR\u00c1 MELANIE PROTESTA COMO PRIMERA ALCALDESA DE SILAO&#8221; &#8212; Kuali\" data-secret=\"EvLfF5ha2L\" frameborder=\"0\" marginwidth=\"0\" marginheight=\"0\" scrolling=\"no\" class=\"wp-embedded-content\"><\/iframe><script type=\"text\/javascript\">\n\/* <![CDATA[ *\/\n\/*! This file is auto-generated *\/\n!function(d,l){\"use strict\";l.querySelector&&d.addEventListener&&\"undefined\"!=typeof URL&&(d.wp=d.wp||{},d.wp.receiveEmbedMessage||(d.wp.receiveEmbedMessage=function(e){var t=e.data;if((t||t.secret||t.message||t.value)&&!\/[^a-zA-Z0-9]\/.test(t.secret)){for(var s,r,n,a=l.querySelectorAll('iframe[data-secret=\"'+t.secret+'\"]'),o=l.querySelectorAll('blockquote[data-secret=\"'+t.secret+'\"]'),c=new RegExp(\"^https?:$\",\"i\"),i=0;i<o.length;i++)o[i].style.display=\"none\";for(i=0;i<a.length;i++)s=a[i],e.source===s.contentWindow&&(s.removeAttribute(\"style\"),\"height\"===t.message?(1e3<(r=parseInt(t.value,10))?r=1e3:~~r<200&&(r=200),s.height=r):\"link\"===t.message&&(r=new URL(s.getAttribute(\"src\")),n=new URL(t.value),c.test(n.protocol))&&n.host===r.host&&l.activeElement===s&&(d.top.location.href=t.value))}},d.addEventListener(\"message\",d.wp.receiveEmbedMessage,!1),l.addEventListener(\"DOMContentLoaded\",function(){for(var e,t,s=l.querySelectorAll(\"iframe.wp-embedded-content\"),r=0;r<s.length;r++)(t=(e=s[r]).getAttribute(\"data-secret\"))||(t=Math.random().toString(36).substring(2,12),e.src+=\"#?secret=\"+t,e.setAttribute(\"data-secret\",t)),e.contentWindow.postMessage({message:\"ready\",secret:t},\"*\")},!1)))}(window,document);\n\/\/# sourceURL=https:\/\/kuali.com.mx\/web\/wp-includes\/js\/wp-embed.min.js\n\/* ]]> *\/\n<\/script>\n","thumbnail_url":"https:\/\/kuali.com.mx\/web\/wp-content\/uploads\/2024\/10\/Melanie-y-Libia.gif","thumbnail_width":1700,"thumbnail_height":750,"description":"Kuali\/Silao de la Victoria, Gto.- La alcaldesa electa de Silao, Janet Melanie Murillo Ch\u00e1vez, invita a toda la ciudadan\u00eda a asistir a su toma de protesta el pr\u00f3ximo 10 de octubre. Estar\u00e1 acompa\u00f1ada de la gobernadora, Libia Dennise Garc\u00eda Mu\u00f1oz Ledo. La panista Melanie Murillo sustituir\u00e1 en el cargo al morenista Carlos Garc\u00eda Villase\u00f1or el [&hellip;]"}