{"version":"1.0","provider_name":"Kuali","provider_url":"https:\/\/kuali.com.mx\/web","author_name":"Kuali Staff","author_url":"https:\/\/kuali.com.mx\/web\/author\/lagarto\/","title":"DAR\u00c1N IMSS A PERIODISTAS SIN PRESTACIONES","type":"rich","width":600,"height":338,"html":"<blockquote class=\"wp-embedded-content\" data-secret=\"vxh0vgpcUv\"><a href=\"https:\/\/kuali.com.mx\/web\/2022\/06\/07\/daran-imss-a-periodistas-sin-prestaciones\/\">DAR\u00c1N IMSS A PERIODISTAS SIN PRESTACIONES<\/a><\/blockquote><iframe sandbox=\"allow-scripts\" security=\"restricted\" src=\"https:\/\/kuali.com.mx\/web\/2022\/06\/07\/daran-imss-a-periodistas-sin-prestaciones\/embed\/#?secret=vxh0vgpcUv\" width=\"600\" height=\"338\" title=\"&#8220;DAR\u00c1N IMSS A PERIODISTAS SIN PRESTACIONES&#8221; &#8212; Kuali\" data-secret=\"vxh0vgpcUv\" frameborder=\"0\" marginwidth=\"0\" marginheight=\"0\" scrolling=\"no\" class=\"wp-embedded-content\"><\/iframe><script type=\"text\/javascript\">\n\/* <![CDATA[ *\/\n\/*! This file is auto-generated *\/\n!function(d,l){\"use strict\";l.querySelector&&d.addEventListener&&\"undefined\"!=typeof URL&&(d.wp=d.wp||{},d.wp.receiveEmbedMessage||(d.wp.receiveEmbedMessage=function(e){var t=e.data;if((t||t.secret||t.message||t.value)&&!\/[^a-zA-Z0-9]\/.test(t.secret)){for(var s,r,n,a=l.querySelectorAll('iframe[data-secret=\"'+t.secret+'\"]'),o=l.querySelectorAll('blockquote[data-secret=\"'+t.secret+'\"]'),c=new RegExp(\"^https?:$\",\"i\"),i=0;i<o.length;i++)o[i].style.display=\"none\";for(i=0;i<a.length;i++)s=a[i],e.source===s.contentWindow&&(s.removeAttribute(\"style\"),\"height\"===t.message?(1e3<(r=parseInt(t.value,10))?r=1e3:~~r<200&&(r=200),s.height=r):\"link\"===t.message&&(r=new URL(s.getAttribute(\"src\")),n=new URL(t.value),c.test(n.protocol))&&n.host===r.host&&l.activeElement===s&&(d.top.location.href=t.value))}},d.addEventListener(\"message\",d.wp.receiveEmbedMessage,!1),l.addEventListener(\"DOMContentLoaded\",function(){for(var e,t,s=l.querySelectorAll(\"iframe.wp-embedded-content\"),r=0;r<s.length;r++)(t=(e=s[r]).getAttribute(\"data-secret\"))||(t=Math.random().toString(36).substring(2,12),e.src+=\"#?secret=\"+t,e.setAttribute(\"data-secret\",t)),e.contentWindow.postMessage({message:\"ready\",secret:t},\"*\")},!1)))}(window,document);\n\/\/# sourceURL=https:\/\/kuali.com.mx\/web\/wp-includes\/js\/wp-embed.min.js\n\/* ]]> *\/\n<\/script>\n","thumbnail_url":"https:\/\/kuali.com.mx\/web\/wp-content\/uploads\/2018\/03\/Periodistas.jpg","thumbnail_width":1920,"thumbnail_height":1080,"description":"Kuali\/Ciudad de M\u00e9xico.-En el D\u00eda de la Libertad de Expresi\u00f3n, el presidente Andr\u00e9s Manuel L\u00f3pez Obrador encabez\u00f3 la presentaci\u00f3n del Plan de seguridad social para periodistas que trabajan de forma independiente. \u201cA quienes se dedican a este noble oficio por su cuenta, que est\u00e1n desamparados, (...) buscamos garantizarles la seguridad social, la atenci\u00f3n m\u00e9dica y [&hellip;]"}